{"id":222,"date":"2025-03-17T11:45:48","date_gmt":"2025-03-17T11:45:48","guid":{"rendered":"https:\/\/udig.hr\/?page_id=222"},"modified":"2026-04-30T10:07:47","modified_gmt":"2026-04-30T10:07:47","slug":"zakljucci-domskog-odbora","status":"publish","type":"page","link":"https:\/\/udig.hr\/index.php\/zakljucci-domskog-odbora\/","title":{"rendered":"Zaklju\u010dci Domskog odbora"},"content":{"rendered":"<p><a href=\"https:\/\/udig.hr\/wp-content\/uploads\/2025\/04\/Zakljucci-40.-sjednice-Domskog-odbora.pdf\"><img loading=\"lazy\" decoding=\"async\" class=\"\" src=\"https:\/\/udig.hr\/wp-content\/uploads\/2025\/03\/dcx-80x80.png\" width=\"44\" height=\"44\" \/>Zaklju\u010dci 40. sjednice Domskog odbora<\/a><\/p>\n<p><img loading=\"lazy\" decoding=\"async\" class=\"\" src=\"https:\/\/udig.hr\/wp-content\/uploads\/2025\/03\/dcx-80x80.png\" width=\"43\" height=\"43\" \/><a href=\"https:\/\/udig.hr\/wp-content\/uploads\/2025\/04\/Zakljucci-41.-sjednice-Domskog-odbora.pdf\">Zaklju\u010dci 41. sjednice Domskog odbora<\/a><\/p>\n<p><img loading=\"lazy\" decoding=\"async\" class=\"alignnone wp-image-105\" src=\"https:\/\/udig.hr\/wp-content\/uploads\/2025\/03\/adobe-80x80.png\" alt=\"\" width=\"41\" height=\"41\" srcset=\"https:\/\/udig.hr\/wp-content\/uploads\/2025\/03\/adobe-80x80.png 80w, https:\/\/udig.hr\/wp-content\/uploads\/2025\/03\/adobe-300x300.png 300w, https:\/\/udig.hr\/wp-content\/uploads\/2025\/03\/adobe-36x36.png 36w, https:\/\/udig.hr\/wp-content\/uploads\/2025\/03\/adobe-180x180.png 180w, https:\/\/udig.hr\/wp-content\/uploads\/2025\/03\/adobe.png 360w\" sizes=\"auto, (max-width: 41px) 100vw, 41px\" \/><a href=\"https:\/\/udig.hr\/wp-content\/uploads\/2025\/07\/Zakljucci-42.-sjednice-Domskog-odbora.pdf\">Zaklju\u010dci 42. sjednice Domskog odbora<\/a><\/p>\n<p><img loading=\"lazy\" decoding=\"async\" class=\"\" src=\"https:\/\/udig.hr\/wp-content\/uploads\/2025\/03\/adobe-80x80.png\" width=\"31\" height=\"31\" \/><a href=\"https:\/\/udig.hr\/wp-content\/uploads\/2025\/10\/Zakljucci-43.-sjednice-Domskog-odbora.pdf\">Zaklju\u010dci 43. sjednice Domskog odbora<\/a><\/p>\n<p><img loading=\"lazy\" decoding=\"async\" class=\"\" src=\"https:\/\/udig.hr\/wp-content\/uploads\/2025\/03\/adobe-80x80.png\" width=\"31\" height=\"31\" \/><a href=\"https:\/\/udig.hr\/wp-content\/uploads\/2025\/10\/Zakljucci-44.-sjednice-Domskog-odbora.pdf\">Zaklju\u010dci 44. sjednice Domskog odbora<\/a><\/p>\n<p><img loading=\"lazy\" decoding=\"async\" class=\"\" src=\"https:\/\/udig.hr\/wp-content\/uploads\/2025\/03\/adobe-80x80.png\" width=\"31\" height=\"31\" \/><a href=\"https:\/\/udig.hr\/wp-content\/uploads\/2025\/11\/Zakljucci-1.-Konstituirajuce-sjednice-Domskog-odbora.pdf\">Zaklju\u010dci 1. Konstituiraju\u0107e sjednice Domskog odbora<\/a><\/p>\n<p><img loading=\"lazy\" decoding=\"async\" class=\"\" src=\"https:\/\/udig.hr\/wp-content\/uploads\/2025\/03\/adobe-80x80.png\" width=\"31\" height=\"31\" \/><a href=\"https:\/\/udig.hr\/wp-content\/uploads\/2025\/11\/Zakljucci-2.-sjednice-Domskog-odbora.pdf\">Zaklju\u010dci 2. sjednice Domskog odbora<\/a><\/p>\n<p><img loading=\"lazy\" decoding=\"async\" class=\"\" src=\"https:\/\/udig.hr\/wp-content\/uploads\/2025\/03\/adobe-80x80.png\" width=\"31\" height=\"31\" \/><a href=\"https:\/\/udig.hr\/wp-content\/uploads\/2025\/12\/Zakljucci-3-sjednice-Domskog-odbora.pdf\">Zaklju\u010dci 3 sjednice Domskog odbora<\/a><\/p>\n<p><img loading=\"lazy\" decoding=\"async\" class=\"\" src=\"https:\/\/udig.hr\/wp-content\/uploads\/2025\/03\/adobe-80x80.png\" width=\"31\" height=\"31\" \/><a href=\"https:\/\/udig.hr\/wp-content\/uploads\/2026\/01\/Zakljucci-4-sjednice-Domskog-odbora.pdf\">Zaklju\u010dci 4 sjednice Domskog odbora<\/a><\/p>\n<p><img loading=\"lazy\" decoding=\"async\" class=\"\" src=\"https:\/\/udig.hr\/wp-content\/uploads\/2025\/03\/adobe-80x80.png\" width=\"31\" height=\"31\" \/><a href=\"https:\/\/udig.hr\/wp-content\/uploads\/2026\/03\/Zakljucci-5-sjednice-Domskog-odbora.pdf\">Zaklju\u010dci 5 sjednice Domskog odbora<\/a><\/p>\n<p><img loading=\"lazy\" decoding=\"async\" class=\"\" src=\"https:\/\/udig.hr\/wp-content\/uploads\/2025\/03\/adobe-80x80.png\" width=\"31\" height=\"31\" \/><a href=\"https:\/\/udig.hr\/wp-content\/uploads\/2026\/04\/Zakljucci-6-sjednice-Domskog-odbora.docx\">Zaklju\u010dci 6 sjednice Domskog odbora<\/a><\/p>\n","protected":false},"excerpt":{"rendered":"<p>Zaklju\u010dci 40. sjednice Domskog odbora Zaklju\u010dci 41. sjednice Domskog odbora Zaklju\u010dci 42. sjednice Domskog odbora Zaklju\u010dci 43. sjednice Domskog odbora Zaklju\u010dci 44. sjednice Domskog odbora Zaklju\u010dci 1. Konstituiraju\u0107e sjednice Domskog odbora Zaklju\u010dci 2. sjednice Domskog odbora Zaklju\u010dci 3 sjednice Domskog odbora Zaklju\u010dci 4 sjednice Domskog odbora Zaklju\u010dci 5 sjednice Domskog odbora Zaklju\u010dci 6 sjednice Domskog [&hellip;]<\/p>\n","protected":false},"author":1,"featured_media":0,"parent":0,"menu_order":0,"comment_status":"closed","ping_status":"closed","template":"","meta":{"footnotes":""},"class_list":["post-222","page","type-page","status-publish","hentry"],"_links":{"self":[{"href":"https:\/\/udig.hr\/index.php\/wp-json\/wp\/v2\/pages\/222","targetHints":{"allow":["GET"]}}],"collection":[{"href":"https:\/\/udig.hr\/index.php\/wp-json\/wp\/v2\/pages"}],"about":[{"href":"https:\/\/udig.hr\/index.php\/wp-json\/wp\/v2\/types\/page"}],"author":[{"embeddable":true,"href":"https:\/\/udig.hr\/index.php\/wp-json\/wp\/v2\/users\/1"}],"replies":[{"embeddable":true,"href":"https:\/\/udig.hr\/index.php\/wp-json\/wp\/v2\/comments?post=222"}],"version-history":[{"count":12,"href":"https:\/\/udig.hr\/index.php\/wp-json\/wp\/v2\/pages\/222\/revisions"}],"predecessor-version":[{"id":1507,"href":"https:\/\/udig.hr\/index.php\/wp-json\/wp\/v2\/pages\/222\/revisions\/1507"}],"wp:attachment":[{"href":"https:\/\/udig.hr\/index.php\/wp-json\/wp\/v2\/media?parent=222"}],"curies":[{"name":"wp","href":"https:\/\/api.w.org\/{rel}","templated":true}]}}